{"id":4364,"date":"2022-04-25T20:56:31","date_gmt":"2022-04-25T18:56:31","guid":{"rendered":"https:\/\/sabrina-von-nessen.com\/?page_id=4364"},"modified":"2022-06-20T14:11:35","modified_gmt":"2022-06-20T12:11:35","slug":"vielen-dank-community","status":"publish","type":"page","link":"https:\/\/sabrina-von-nessen.com\/en\/vielen-dank-community\/","title":{"rendered":"Vielen Dank: Community"},"content":{"rendered":"<p>[et_pb_section fb_built=&#8220;1&#8243; custom_padding_last_edited=&#8220;on|phone&#8220; _builder_version=&#8220;4.17.0&#8243; _module_preset=&#8220;default&#8220; background_enable_color=&#8220;off&#8220; custom_margin=&#8220;-90px||||false|false&#8220; custom_padding=&#8220;6.8%||6.6%||false|false&#8220; custom_padding_tablet=&#8220;||8.5%||false|false&#8220; custom_padding_phone=&#8220;14%||12%||false|false&#8220; da_disable_devices=&#8220;off|off|off&#8220; global_colors_info=&#8220;{}&#8220; da_is_popup=&#8220;off&#8220; da_exit_intent=&#8220;off&#8220; da_has_close=&#8220;on&#8220; da_alt_close=&#8220;off&#8220; da_dark_close=&#8220;off&#8220; da_not_modal=&#8220;on&#8220; da_is_singular=&#8220;off&#8220; da_with_loader=&#8220;off&#8220; da_has_shadow=&#8220;on&#8220;][et_pb_row admin_label=&#8220;Contact Area&#8220; _builder_version=&#8220;4.16&#8243; animation_style=&#8220;zoom&#8220; animation_intensity_zoom=&#8220;20%&#8220; global_colors_info=&#8220;{}&#8220;][et_pb_column type=&#8220;4_4&#8243; _builder_version=&#8220;4.16&#8243; custom_padding=&#8220;|||&#8220; global_colors_info=&#8220;{}&#8220; custom_padding__hover=&#8220;|||&#8220;][et_pb_text content_tablet=&#8220;<\/p>\n<h2>Vielen Dank <br \/>f\u00fcr deine Anmeldung!<\/h2>\n<p>&#8220; content_phone=&#8220;<\/p>\n<h2>Vielen Dank<br \/>f\u00fcr deine Anmeldung!<\/h2>\n<p>&#8220; content_last_edited=&#8220;off|desktop&#8220; admin_label=&#8220;Title&#8220; _builder_version=&#8220;4.17.0&#8243; text_font=&#8220;||||||||&#8220; text_text_color=&#8220;#000000&#8243; text_font_size=&#8220;16px&#8220; text_line_height=&#8220;1.8em&#8220; header_font=&#8220;||||||||&#8220; header_text_align=&#8220;left&#8220; header_2_font=&#8220;|600|||||||&#8220; header_2_text_align=&#8220;center&#8220; header_2_text_color=&#8220;gcid-7891302c-2a94-4246-81e7-584b2b07940c&#8220; header_2_font_size=&#8220;54px&#8220; header_2_line_height=&#8220;1.3em&#8220; header_3_font=&#8220;Playfair Display||||||||&#8220; header_3_text_align=&#8220;center&#8220; header_3_text_color=&#8220;gcid-7891302c-2a94-4246-81e7-584b2b07940c&#8220; header_3_font_size=&#8220;21px&#8220; header_3_line_height=&#8220;1.4em&#8220; background_color=&#8220;RGBA(0,0,0,0)&#8220; background_size=&#8220;initial&#8220; background_position=&#8220;top_left&#8220; background_repeat=&#8220;repeat&#8220; width=&#8220;70%&#8220; width_tablet=&#8220;100%&#8220; width_phone=&#8220;100%&#8220; width_last_edited=&#8220;on|tablet&#8220; module_alignment=&#8220;center&#8220; custom_margin=&#8220;||||false|false&#8220; custom_padding=&#8220;||||false|false&#8220; animation_style=&#8220;slide&#8220; animation_direction=&#8220;bottom&#8220; animation_intensity_slide=&#8220;10%&#8220; header_text_align_tablet=&#8220;&#8220; header_text_align_phone=&#8220;&#8220; header_text_align_last_edited=&#8220;on|tablet&#8220; header_2_font_size_tablet=&#8220;52px&#8220; header_2_font_size_phone=&#8220;38px&#8220; header_2_font_size_last_edited=&#8220;on|phone&#8220; header_3_font_size_tablet=&#8220;&#8220; header_3_font_size_phone=&#8220;18px&#8220; header_3_font_size_last_edited=&#8220;on|phone&#8220; locked=&#8220;off&#8220; global_colors_info=&#8220;{%22gcid-7891302c-2a94-4246-81e7-584b2b07940c%22:%91%22header_2_text_color%22,%22header_3_text_color%22,%22header_2_text_color%22,%22header_3_text_color%22%93,%22gcid-80db89a0-2cd4-4ffb-a1b9-1395a3b73657%22:%91%93,%22gcid-1097599b-a358-42fb-b0fe-54ecdb8bcdc3%22:%91%93,%22gcid-418acd5e-9f85-4392-9af4-935d5361bded%22:%91%93,%22gcid-283bb3fe-bfcf-4ac0-a7b6-2636f9af7a67%22:%91%93}&#8220;]<\/p>\n<h2>Herzlich Willkommen in der Human Leadership Community!\u00a0<\/h2>\n<h3>Auf ein authentisches, tiefes Miteinander!<\/h3>\n<p>[\/et_pb_text][et_pb_image src=&#8220;https:\/\/sabrina-von-nessen.com\/wp-content\/uploads\/2022\/01\/community-4.png&#8220; title_text=&#8220;Human Leadership Community&#8220; _builder_version=&#8220;4.17.4&#8243; _module_preset=&#8220;default&#8220; hover_enabled=&#8220;0&#8243; custom_css_main_element=&#8220;width: 33.3%;||display: inline-block;||padding: 0px 5px;&#8220; global_colors_info=&#8220;{}&#8220; custom_css_main_element_last_edited=&#8220;on|phone&#8220; custom_css_main_element_phone=&#8220;width: 100%;||display: inline-block;||padding: 5px 0px;||margin: 0px !important;&#8220; custom_css_main_element_tablet=&#8220;width: 33.3%;||display: inline-block;||padding: 0px 5px;&#8220; alt=&#8220;Human Leadership Community&#8220; sticky_enabled=&#8220;0&#8243;][\/et_pb_image][et_pb_image src=&#8220;https:\/\/sabrina-von-nessen.com\/wp-content\/uploads\/2022\/01\/community-6.png&#8220; title_text=&#8220;Human Leadership Community&#8220; _builder_version=&#8220;4.17.4&#8243; _module_preset=&#8220;default&#8220; hover_enabled=&#8220;0&#8243; custom_css_main_element=&#8220;width: 33.3%;||display: inline-block;||padding: 0px 5px;&#8220; global_colors_info=&#8220;{}&#8220; custom_css_main_element_phone=&#8220;width: 100%;||display: inline-block;||padding: 5px 0px;||margin: 0px !important;&#8220; custom_css_main_element_last_edited=&#8220;on|phone&#8220; custom_css_main_element_tablet=&#8220;width: 33.3%;||display: inline-block;||padding: 0px 5px;&#8220; alt=&#8220;Human Leadership Community&#8220; sticky_enabled=&#8220;0&#8243;][\/et_pb_image][et_pb_image src=&#8220;https:\/\/sabrina-von-nessen.com\/wp-content\/uploads\/2022\/01\/community-1.png&#8220; title_text=&#8220;Human Leadership Community&#8220; _builder_version=&#8220;4.17.4&#8243; _module_preset=&#8220;default&#8220; hover_enabled=&#8220;0&#8243; custom_css_main_element=&#8220;width: 33.3%;||display: inline-block;||padding: 0px 5px;&#8220; global_colors_info=&#8220;{}&#8220; custom_css_main_element_phone=&#8220;width: 100%;||display: inline-block;||padding: 5px 0px;||&#8220; custom_css_main_element_last_edited=&#8220;on|phone&#8220; custom_css_main_element_tablet=&#8220;width: 33.3%;||display: inline-block;||padding: 0px 5px;&#8220; alt=&#8220;Human Leadership Community&#8220; sticky_enabled=&#8220;0&#8243;][\/et_pb_image][et_pb_text _builder_version=&#8220;4.17.4&#8243; _module_preset=&#8220;default&#8220; text_font=&#8220;||||||||&#8220; text_text_color=&#8220;#000000&#8243; text_font_size=&#8220;21px&#8220; text_line_height=&#8220;1.8em&#8220; link_font=&#8220;||||on||||&#8220; link_text_color=&#8220;gcid-283bb3fe-bfcf-4ac0-a7b6-2636f9af7a67&#8243; header_font=&#8220;Playfair Display||||||||&#8220; header_text_align=&#8220;center&#8220; header_text_color=&#8220;gcid-7891302c-2a94-4246-81e7-584b2b07940c&#8220; header_font_size=&#8220;42px&#8220; header_line_height=&#8220;1.3em&#8220; background_size=&#8220;initial&#8220; background_position=&#8220;top_left&#8220; background_repeat=&#8220;repeat&#8220; text_orientation=&#8220;center&#8220; module_alignment=&#8220;center&#8220; animation_style=&#8220;slide&#8220; animation_direction=&#8220;bottom&#8220; animation_intensity_slide=&#8220;20%&#8220; text_font_size_tablet=&#8220;19px&#8220; text_font_size_phone=&#8220;17px&#8220; text_font_size_last_edited=&#8220;on|phone&#8220; global_colors_info=&#8220;{%22gcid-7891302c-2a94-4246-81e7-584b2b07940c%22:%91%22header_text_color%22%93,%22gcid-283bb3fe-bfcf-4ac0-a7b6-2636f9af7a67%22:%91%22link_text_color%22%93}&#8220;]<\/p>\n<p>Ankommen, durchatmen, alte Glaubensmuster loslassen. Hier darfst du unabh\u00e4ngig von Status, Hierarchie und Druck einfach sein. Wir sprechen \u00fcber alle Aspekte der F\u00fchrung: von Selbstf\u00fchrung, Mitarbeiterf\u00fchrung bis Unternehmensf\u00fchrung. Dabei steht Menschlichkeit mit all ihren Facetten im Vordergrund, denn wir wollen uns wieder auf das Wesentliche besinnen. Wir freuen uns, dass du dabei bist und sind gespannt auf deine Gedanken, Anregungen und Fragen.<\/p>\n<p><b><span>Die Community findest du im Tool &#8222;Circle&#8220;<\/span><\/b><span>. <br \/>Circle ist ein Online-Tool, das du von Desktop oder Smartphone\/per App nutzen kannst.\u00a0Den\u00a0<b>Anmeldelink zu Circle<\/b>\u00a0bekommst du umgehend separat zugesandt (oder hast du bereits erhalten).\u00a0Bitte achte hierzu auf eine E-Mail vom Absender &#8222;Human Leadership&#8220; (E-Mail-Adresse\u00a0<a href=\"mailto:no-reply@circle.so\" target=\"_blank\" rel=\"noopener\">no-reply@circle.so<\/a>) und\u00a0pr\u00fcfe auch deinen Spam-Ordner.\u00a0<\/span><\/p>\n<p>Weitere Informationen erh\u00e4ltst du per E-Mail (<a href=\"mailto:sabrina@von-nessen.com\">sabrina@von-nessen.com<\/a>). Auf bald \u2013 wir sehen uns in der Community!<\/p>\n<p>[\/et_pb_text][\/et_pb_column][\/et_pb_row][\/et_pb_section][et_pb_section fb_built=&#8220;1&#8243; admin_label=&#8220;Section&#8220; _builder_version=&#8220;4.11.3&#8243; _module_preset=&#8220;default&#8220; background_color=&#8220;#000000&#8243; custom_padding=&#8220;55px||55px||true|false&#8220; da_disable_devices=&#8220;off|off|off&#8220; global_module=&#8220;767&#8243; saved_tabs=&#8220;all&#8220; global_colors_info=&#8220;{}&#8220; da_is_popup=&#8220;off&#8220; da_exit_intent=&#8220;off&#8220; da_has_close=&#8220;on&#8220; da_alt_close=&#8220;off&#8220; da_dark_close=&#8220;off&#8220; da_not_modal=&#8220;on&#8220; da_is_singular=&#8220;off&#8220; da_with_loader=&#8220;off&#8220; da_has_shadow=&#8220;on&#8220;][et_pb_row column_structure=&#8220;1_3,1_3,1_3&#8243; _builder_version=&#8220;4.16&#8243; _module_preset=&#8220;default&#8220; custom_margin=&#8220;0px||||false|false&#8220; custom_padding=&#8220;0px||||false|false&#8220; global_colors_info=&#8220;{}&#8220;][et_pb_column type=&#8220;1_3&#8243; _builder_version=&#8220;4.16&#8243; _module_preset=&#8220;default&#8220; global_colors_info=&#8220;{}&#8220;][et_pb_image src=&#8220;http:\/\/sabrina-von-nessen.com\/wp-content\/uploads\/2021\/08\/Logo-ohne-Slogan-Hintergrund-weiss-1.png&#8220; alt=&#8220;Sabrina von Nessen&#8220; title_text=&#8220;Sabrina von Nessen&#8220; url=&#8220;https:\/\/sabrina-von-nessen.com\/&#8220; _builder_version=&#8220;4.16&#8243; _module_preset=&#8220;default&#8220; width=&#8220;75%&#8220; width_tablet=&#8220;32%&#8220; width_phone=&#8220;60%&#8220; width_last_edited=&#8220;on|tablet&#8220; custom_margin=&#8220;-20px|||-20px|false|false&#8220; custom_margin_tablet=&#8220;-15px||-25px|-19px|false|false&#8220; custom_margin_phone=&#8220;|||-17px|false|false&#8220; custom_margin_last_edited=&#8220;on|phone&#8220; global_colors_info=&#8220;{}&#8220;][\/et_pb_image][\/et_pb_column][et_pb_column type=&#8220;1_3&#8243; _builder_version=&#8220;4.16&#8243; _module_preset=&#8220;default&#8220; global_colors_info=&#8220;{}&#8220;][et_pb_text _builder_version=&#8220;4.17.0&#8243; _module_preset=&#8220;default&#8220; text_font=&#8220;||||||||&#8220; text_text_color=&#8220;#FFFFFF&#8220; text_font_size=&#8220;16px&#8220; text_line_height=&#8220;1.8em&#8220; link_text_color=&#8220;#FFFFFF&#8220; text_orientation=&#8220;center&#8220; width_tablet=&#8220;100%&#8220; width_last_edited=&#8220;off|desktop&#8220; custom_margin=&#8220;||||false|false&#8220; custom_padding=&#8220;||||false|false&#8220; global_colors_info=&#8220;{}&#8220;]<\/p>\n<p style=\"text-align: left;\">K\u00f6nigsbrunner Str. 24<br \/>86507 Oberottmarshausen<\/p>\n<p style=\"text-align: left;\"><span>Phone: <a href=\"tel:015153520301\">0151 535 20301<\/a><\/span><br \/><span>E-Mail: <a href=\"mailto:office@von-nessen.com\">office@von-nessen.com<\/a><\/span><\/p>\n<p>[\/et_pb_text][\/et_pb_column][et_pb_column type=&#8220;1_3&#8243; _builder_version=&#8220;4.16&#8243; _module_preset=&#8220;default&#8220; global_colors_info=&#8220;{}&#8220;][et_pb_text _builder_version=&#8220;4.16&#8243; _module_preset=&#8220;default&#8220; text_font=&#8220;||||||||&#8220; text_text_color=&#8220;#FFFFFF&#8220; text_font_size=&#8220;16px&#8220; text_line_height=&#8220;1.8em&#8220; link_text_color=&#8220;#FFFFFF&#8220; custom_margin=&#8220;||10px||false|false&#8220; custom_padding=&#8220;||||false|false&#8220; global_colors_info=&#8220;{%22gcid-418acd5e-9f85-4392-9af4-935d5361bded%22:%91%93,%22gcid-7891302c-2a94-4246-81e7-584b2b07940c%22:%91%93}&#8220;]<\/p>\n<p><a href=\"https:\/\/sabrina-von-nessen.com\/en\/ressourcen\/\">Ressources<\/a><br \/><a href=\"https:\/\/sabrina-von-nessen.com\/en\/impressum\/\">Imprint<\/a><br \/><a href=\"https:\/\/sabrina-von-nessen.com\/en\/datenschutzerklaerung\/\">Privacy policy<\/a><\/p>\n<p>[\/et_pb_text][et_pb_code module_class=&#8220;footer-language-switcher&#8220; _builder_version=&#8220;4.16&#8243; _module_preset=&#8220;default&#8220; global_colors_info=&#8220;{}&#8220;]<div class=\"trp-shortcode-switcher__wrapper\"\r\n     style=\"--bg:#707070;--bg-hover:#0000000d;--text:#ffffff;--text-hover:#1d2327;--border:1px solid #ffffff1a;--border-width:1px;--border-color:#ffffff1a;--border-radius:5px;--flag-radius:0px;--flag-size:18px;--aspect-ratio:4\/3;--font-size:14px;--transition-duration:0.2s\"\r\n     role=\"group\"\r\n     data-open-mode=\"hover\">\r\n\r\n    \r\n        <!-- ANCHOR (in-flow only; sizing\/borders; inert) -->\r\n        <div class=\"trp-language-switcher trp-ls-dropdown trp-shortcode-switcher trp-shortcode-anchor trp-open-on-hover\"\r\n             aria-hidden=\"true\"\r\n             inert\r\n data-no-translation>\r\n                <div class=\"trp-current-language-item__wrapper\">\r\n        <a class=\"trp-language-item trp-language-item__default trp-language-item__current\" data-no-translation href=\"https:\/\/sabrina-von-nessen.com\/en\/wp-json\/wp\/v2\/pages\/4364\" title=\"\"><img decoding=\"async\" src=\"https:\/\/sabrina-von-nessen.com\/wp-content\/plugins\/translatepress-multilingual\/assets\/flags\/4x3\/en_US.svg\" class=\"trp-flag-image\" alt=\"\" role=\"presentation\" loading=\"lazy\" \/><\/a>                    <svg class=\"trp-shortcode-arrow\" width=\"20\" height=\"20\" viewbox=\"0 0 20 21\" fill=\"none\" aria-hidden=\"true\" focusable=\"false\" xmlns=\"http:\/\/www.w3.org\/2000\/svg\">\r\n                <path d=\"M5 8L10 13L15 8\" stroke=\"var(--text)\" stroke-width=\"2\" stroke-linecap=\"round\" stroke-linejoin=\"round\"\/>\r\n            <\/svg>\r\n            <\/div>\r\n            <\/div>\r\n\r\n        <!-- OVERLAY (positioned; interactive surface) -->\r\n        <div class=\"trp-language-switcher trp-ls-dropdown trp-shortcode-switcher trp-shortcode-overlay trp-open-on-hover\"\r\n             role=\"navigation\"\r\n             aria-label=\"Website language selector\"\r\n             data-no-translation\r\n>\r\n                <div class=\"trp-current-language-item__wrapper\">\r\n        <div class=\"trp-language-item trp-language-item__default trp-language-item__current\" data-no-translation role=\"button\" aria-expanded=\"false\" tabindex=\"0\" aria-label=\"Change language\" aria-controls=\"trp-shortcode-dropdown-69f2b4caad1b3\"><img decoding=\"async\" src=\"https:\/\/sabrina-von-nessen.com\/wp-content\/plugins\/translatepress-multilingual\/assets\/flags\/4x3\/en_US.svg\" class=\"trp-flag-image\" alt=\"\" role=\"presentation\" loading=\"lazy\" \/><\/div>                    <svg class=\"trp-shortcode-arrow\" width=\"20\" height=\"20\" viewbox=\"0 0 20 21\" fill=\"none\" aria-hidden=\"true\" focusable=\"false\" xmlns=\"http:\/\/www.w3.org\/2000\/svg\">\r\n                <path d=\"M5 8L10 13L15 8\" stroke=\"var(--text)\" stroke-width=\"2\" stroke-linecap=\"round\" stroke-linejoin=\"round\"\/>\r\n            <\/svg>\r\n            <\/div>\r\n    \r\n            <div class=\"trp-switcher-dropdown-list\"\r\n                 id=\"trp-shortcode-dropdown-69f2b4caad1b3\"\r\n                 role=\"group\"\r\n                 aria-label=\"Available languages\"\r\n                 hidden\r\n inert\r\n>\r\n                                                            <a class=\"trp-language-item\" href=\"https:\/\/sabrina-von-nessen.com\/en\/wp-json\/wp\/v2\/pages\/4364\" title=\"\">\r\n                            <img decoding=\"async\" src=\"https:\/\/sabrina-von-nessen.com\/wp-content\/plugins\/translatepress-multilingual\/assets\/flags\/4x3\/de_DE.svg\" class=\"trp-flag-image\" alt=\"Change language to German\" loading=\"lazy\" \/>                                                                                <\/a>\r\n                                                <\/div>\r\n        <\/div>\r\n\r\n    <\/div>\r\n[\/et_pb_code][\/et_pb_column][\/et_pb_row][et_pb_row column_structure=&#8220;1_2,1_2&#8243; use_custom_gutter=&#8220;on&#8220; make_equal=&#8220;on&#8220; _builder_version=&#8220;4.16&#8243; _module_preset=&#8220;default&#8220; custom_margin=&#8220;10px||0px||false|false&#8220; custom_padding=&#8220;35px||0px||false|false&#8220; border_width_top=&#8220;1px&#8220; border_color_top=&#8220;#adadad&#8220; global_colors_info=&#8220;{%22gcid-7891302c-2a94-4246-81e7-584b2b07940c%22:%91%93,%22gcid-80db89a0-2cd4-4ffb-a1b9-1395a3b73657%22:%91%93,%22gcid-1097599b-a358-42fb-b0fe-54ecdb8bcdc3%22:%91%93,%22gcid-283bb3fe-bfcf-4ac0-a7b6-2636f9af7a67%22:%91%93}&#8220;][et_pb_column type=&#8220;1_2&#8243; _builder_version=&#8220;4.16&#8243; _module_preset=&#8220;default&#8220; custom_css_main_element=&#8220;margin: auto;&#8220; global_colors_info=&#8220;{}&#8220;][et_pb_text _builder_version=&#8220;4.16&#8243; _module_preset=&#8220;default&#8220; text_font=&#8220;Raleway||||||||&#8220; text_text_color=&#8220;#FFFFFF&#8220; text_line_height=&#8220;1.8em&#8220; text_orientation=&#8220;center&#8220; width_tablet=&#8220;100%&#8220; width_last_edited=&#8220;off|desktop&#8220; custom_margin=&#8220;||||false|false&#8220; custom_padding=&#8220;||||false|false&#8220; global_colors_info=&#8220;{%22gcid-418acd5e-9f85-4392-9af4-935d5361bded%22:%91%93,%22gcid-7891302c-2a94-4246-81e7-584b2b07940c%22:%91%93}&#8220;]<\/p>\n<p style=\"text-align: left;\">\u00a9 Copyright 2022 Sabrina von Nessen<\/p>\n<p>[\/et_pb_text][\/et_pb_column][et_pb_column type=&#8220;1_2&#8243; _builder_version=&#8220;4.16&#8243; _module_preset=&#8220;default&#8220; global_colors_info=&#8220;{}&#8220;][et_pb_social_media_follow icon_color=&#8220;gcid-b3a15288-e18a-4c5a-a64a-4af95c6c8234&#8243; use_icon_font_size=&#8220;on&#8220; icon_font_size=&#8220;18px&#8220; module_class=&#8220;custom-social-media-icons&#8220; _builder_version=&#8220;4.16&#8243; _module_preset=&#8220;default&#8220; text_orientation=&#8220;right&#8220; module_alignment=&#8220;right&#8220; custom_margin_tablet=&#8220;25px||||false|false&#8220; custom_margin_phone=&#8220;25px||||false|false&#8220; custom_margin_last_edited=&#8220;on|phone&#8220; text_orientation_tablet=&#8220;left&#8220; text_orientation_phone=&#8220;&#8220; text_orientation_last_edited=&#8220;on|tablet&#8220; border_radii=&#8220;on||||&#8220; global_colors_info=&#8220;{%22gcid-80db89a0-2cd4-4ffb-a1b9-1395a3b73657%22:%91%93,%22gcid-b3a15288-e18a-4c5a-a64a-4af95c6c8234%22:%91%22icon_color%22%93}&#8220;][et_pb_social_media_follow_network social_network=&#8220;facebook&#8220; url=&#8220;https:\/\/www.facebook.com\/svonnessen&#8220; _builder_version=&#8220;4.16&#8243; _module_preset=&#8220;default&#8220; background_color=&#8220;#82A9B6&#8243; background_enable_color=&#8220;on&#8220; border_radii=&#8220;on|1113px|1113px|1113px|1113px&#8220; global_colors_info=&#8220;{%22gcid-80db89a0-2cd4-4ffb-a1b9-1395a3b73657%22:%91%22background_color%22%93,%22gcid-1097599b-a358-42fb-b0fe-54ecdb8bcdc3%22:%91%93}&#8220; follow_button=&#8220;off&#8220; url_new_window=&#8220;on&#8220;]facebook[\/et_pb_social_media_follow_network][et_pb_social_media_follow_network social_network=&#8220;instagram&#8220; url=&#8220;https:\/\/www.instagram.com\/sabrinavonnessen\/&#8220; _builder_version=&#8220;4.16&#8243; _module_preset=&#8220;default&#8220; background_color=&#8220;#82A9B6&#8243; background_enable_color=&#8220;on&#8220; border_radii=&#8220;on|1113px|1113px|1113px|1113px&#8220; global_colors_info=&#8220;{%22gcid-80db89a0-2cd4-4ffb-a1b9-1395a3b73657%22:%91%22background_color%22%93,%22gcid-1097599b-a358-42fb-b0fe-54ecdb8bcdc3%22:%91%93}&#8220; follow_button=&#8220;off&#8220; url_new_window=&#8220;on&#8220;]instagram[\/et_pb_social_media_follow_network][et_pb_social_media_follow_network social_network=&#8220;linkedin&#8220; url=&#8220;https:\/\/www.linkedin.com\/in\/sabrina-von-nessen-b6020175&#8243; _builder_version=&#8220;4.16&#8243; _module_preset=&#8220;default&#8220; background_color=&#8220;#82A9B6&#8243; background_enable_color=&#8220;on&#8220; border_radii=&#8220;on|1113px|1113px|1113px|1113px&#8220; global_colors_info=&#8220;{%22gcid-80db89a0-2cd4-4ffb-a1b9-1395a3b73657%22:%91%22background_color%22%93,%22gcid-1097599b-a358-42fb-b0fe-54ecdb8bcdc3%22:%91%93}&#8220; follow_button=&#8220;off&#8220; url_new_window=&#8220;on&#8220;]linkedin[\/et_pb_social_media_follow_network][\/et_pb_social_media_follow][\/et_pb_column][\/et_pb_row][\/et_pb_section]<\/p>","protected":false},"excerpt":{"rendered":"<p>Herzlich Willkommen in der Human Leadership Community!\u00a0 Auf ein authentisches, tiefes Miteinander!Ankommen, durchatmen, alte Glaubensmuster loslassen. Hier darfst du unabh\u00e4ngig von Status, Hierarchie und Druck einfach sein. Wir sprechen \u00fcber alle Aspekte der F\u00fchrung: von Selbstf\u00fchrung, Mitarbeiterf\u00fchrung bis Unternehmensf\u00fchrung. Dabei steht Menschlichkeit mit all ihren Facetten im Vordergrund, denn wir wollen uns wieder auf das [&hellip;]<\/p>","protected":false},"author":2,"featured_media":0,"parent":0,"menu_order":0,"comment_status":"closed","ping_status":"closed","template":"","meta":{"_et_pb_use_builder":"on","_et_pb_old_content":"<!-- wp:divi\/placeholder \/-->","_et_gb_content_width":"","footnotes":""},"class_list":["post-4364","page","type-page","status-publish","hentry"],"yoast_head":"<!-- This site is optimized with the Yoast SEO plugin v26.5 - https:\/\/yoast.com\/wordpress\/plugins\/seo\/ -->\n<title>Vielen Dank: Community - sabrina-von-nessen.com<\/title>\n<meta name=\"robots\" content=\"index, follow, max-snippet:-1, max-image-preview:large, max-video-preview:-1\" \/>\n<link rel=\"canonical\" href=\"https:\/\/sabrina-von-nessen.com\/en\/vielen-dank-community\/\" \/>\n<meta property=\"og:locale\" content=\"en_US\" \/>\n<meta property=\"og:type\" content=\"article\" \/>\n<meta property=\"og:title\" content=\"Vielen Dank: Community - sabrina-von-nessen.com\" \/>\n<meta property=\"og:description\" content=\"Herzlich Willkommen in der Human Leadership Community!\u00a0 Auf ein authentisches, tiefes Miteinander!Ankommen, durchatmen, alte Glaubensmuster loslassen. Hier darfst du unabh\u00e4ngig von Status, Hierarchie und Druck einfach sein. Wir sprechen \u00fcber alle Aspekte der F\u00fchrung: von Selbstf\u00fchrung, Mitarbeiterf\u00fchrung bis Unternehmensf\u00fchrung. Dabei steht Menschlichkeit mit all ihren Facetten im Vordergrund, denn wir wollen uns wieder auf das [&hellip;]\" \/>\n<meta property=\"og:url\" content=\"https:\/\/sabrina-von-nessen.com\/en\/vielen-dank-community\/\" \/>\n<meta property=\"og:site_name\" content=\"sabrina-von-nessen.com\" \/>\n<meta property=\"article:modified_time\" content=\"2022-06-20T12:11:35+00:00\" \/>\n<meta name=\"twitter:card\" content=\"summary_large_image\" \/>\n<script type=\"application\/ld+json\" class=\"yoast-schema-graph\">{\"@context\":\"https:\/\/schema.org\",\"@graph\":[{\"@type\":\"WebPage\",\"@id\":\"https:\/\/sabrina-von-nessen.com\/vielen-dank-community\/\",\"url\":\"https:\/\/sabrina-von-nessen.com\/vielen-dank-community\/\",\"name\":\"Vielen Dank: Community - sabrina-von-nessen.com\",\"isPartOf\":{\"@id\":\"https:\/\/sabrina-von-nessen.com\/#website\"},\"datePublished\":\"2022-04-25T18:56:31+00:00\",\"dateModified\":\"2022-06-20T12:11:35+00:00\",\"breadcrumb\":{\"@id\":\"https:\/\/sabrina-von-nessen.com\/vielen-dank-community\/#breadcrumb\"},\"inLanguage\":\"en-US\",\"potentialAction\":[{\"@type\":\"ReadAction\",\"target\":[\"https:\/\/sabrina-von-nessen.com\/vielen-dank-community\/\"]}]},{\"@type\":\"BreadcrumbList\",\"@id\":\"https:\/\/sabrina-von-nessen.com\/vielen-dank-community\/#breadcrumb\",\"itemListElement\":[{\"@type\":\"ListItem\",\"position\":1,\"name\":\"Startseite\",\"item\":\"https:\/\/sabrina-von-nessen.com\/\"},{\"@type\":\"ListItem\",\"position\":2,\"name\":\"Vielen Dank: Community\"}]},{\"@type\":\"WebSite\",\"@id\":\"https:\/\/sabrina-von-nessen.com\/#website\",\"url\":\"https:\/\/sabrina-von-nessen.com\/\",\"name\":\"sabrina-von-nessen.com\",\"description\":\"Sabrina von Nessen - Expertin f\u00fcr Emotionale F\u00fchrung. Keynote Speaker, Mentor, Autor.\",\"publisher\":{\"@id\":\"https:\/\/sabrina-von-nessen.com\/#organization\"},\"potentialAction\":[{\"@type\":\"SearchAction\",\"target\":{\"@type\":\"EntryPoint\",\"urlTemplate\":\"https:\/\/sabrina-von-nessen.com\/?s={search_term_string}\"},\"query-input\":{\"@type\":\"PropertyValueSpecification\",\"valueRequired\":true,\"valueName\":\"search_term_string\"}}],\"inLanguage\":\"en-US\"},{\"@type\":\"Organization\",\"@id\":\"https:\/\/sabrina-von-nessen.com\/#organization\",\"name\":\"Sabrina von Nessen\",\"url\":\"https:\/\/sabrina-von-nessen.com\/\",\"logo\":{\"@type\":\"ImageObject\",\"inLanguage\":\"en-US\",\"@id\":\"https:\/\/sabrina-von-nessen.com\/#\/schema\/logo\/image\/\",\"url\":\"https:\/\/sabrina-von-nessen.com\/wp-content\/uploads\/2020\/11\/SVNessen_Handwritten-signature-logo-V2_1-scaled.jpg\",\"contentUrl\":\"https:\/\/sabrina-von-nessen.com\/wp-content\/uploads\/2020\/11\/SVNessen_Handwritten-signature-logo-V2_1-scaled.jpg\",\"width\":2560,\"height\":1810,\"caption\":\"Sabrina von Nessen\"},\"image\":{\"@id\":\"https:\/\/sabrina-von-nessen.com\/#\/schema\/logo\/image\/\"}}]}<\/script>\n<!-- \/ Yoast SEO plugin. -->","yoast_head_json":{"title":"Vielen Dank: Community - sabrina-von-nessen.com","robots":{"index":"index","follow":"follow","max-snippet":"max-snippet:-1","max-image-preview":"max-image-preview:large","max-video-preview":"max-video-preview:-1"},"canonical":"https:\/\/sabrina-von-nessen.com\/en\/vielen-dank-community\/","og_locale":"en_US","og_type":"article","og_title":"Vielen Dank: Community - sabrina-von-nessen.com","og_description":"Herzlich Willkommen in der Human Leadership Community!\u00a0 Auf ein authentisches, tiefes Miteinander!Ankommen, durchatmen, alte Glaubensmuster loslassen. Hier darfst du unabh\u00e4ngig von Status, Hierarchie und Druck einfach sein. Wir sprechen \u00fcber alle Aspekte der F\u00fchrung: von Selbstf\u00fchrung, Mitarbeiterf\u00fchrung bis Unternehmensf\u00fchrung. Dabei steht Menschlichkeit mit all ihren Facetten im Vordergrund, denn wir wollen uns wieder auf das [&hellip;]","og_url":"https:\/\/sabrina-von-nessen.com\/en\/vielen-dank-community\/","og_site_name":"sabrina-von-nessen.com","article_modified_time":"2022-06-20T12:11:35+00:00","twitter_card":"summary_large_image","schema":{"@context":"https:\/\/schema.org","@graph":[{"@type":"WebPage","@id":"https:\/\/sabrina-von-nessen.com\/vielen-dank-community\/","url":"https:\/\/sabrina-von-nessen.com\/vielen-dank-community\/","name":"Vielen Dank: Community - sabrina-von-nessen.com","isPartOf":{"@id":"https:\/\/sabrina-von-nessen.com\/#website"},"datePublished":"2022-04-25T18:56:31+00:00","dateModified":"2022-06-20T12:11:35+00:00","breadcrumb":{"@id":"https:\/\/sabrina-von-nessen.com\/vielen-dank-community\/#breadcrumb"},"inLanguage":"en-US","potentialAction":[{"@type":"ReadAction","target":["https:\/\/sabrina-von-nessen.com\/vielen-dank-community\/"]}]},{"@type":"BreadcrumbList","@id":"https:\/\/sabrina-von-nessen.com\/vielen-dank-community\/#breadcrumb","itemListElement":[{"@type":"ListItem","position":1,"name":"Startseite","item":"https:\/\/sabrina-von-nessen.com\/"},{"@type":"ListItem","position":2,"name":"Vielen Dank: Community"}]},{"@type":"WebSite","@id":"https:\/\/sabrina-von-nessen.com\/#website","url":"https:\/\/sabrina-von-nessen.com\/","name":"sabrina-von-nessen.com","description":"Sabrina von Nessen - Expertin f\u00fcr Emotionale F\u00fchrung. Keynote Speaker, Mentor, Autor.","publisher":{"@id":"https:\/\/sabrina-von-nessen.com\/#organization"},"potentialAction":[{"@type":"SearchAction","target":{"@type":"EntryPoint","urlTemplate":"https:\/\/sabrina-von-nessen.com\/?s={search_term_string}"},"query-input":{"@type":"PropertyValueSpecification","valueRequired":true,"valueName":"search_term_string"}}],"inLanguage":"en-US"},{"@type":"Organization","@id":"https:\/\/sabrina-von-nessen.com\/#organization","name":"Sabrina von Nessen","url":"https:\/\/sabrina-von-nessen.com\/","logo":{"@type":"ImageObject","inLanguage":"en-US","@id":"https:\/\/sabrina-von-nessen.com\/#\/schema\/logo\/image\/","url":"https:\/\/sabrina-von-nessen.com\/wp-content\/uploads\/2020\/11\/SVNessen_Handwritten-signature-logo-V2_1-scaled.jpg","contentUrl":"https:\/\/sabrina-von-nessen.com\/wp-content\/uploads\/2020\/11\/SVNessen_Handwritten-signature-logo-V2_1-scaled.jpg","width":2560,"height":1810,"caption":"Sabrina von Nessen"},"image":{"@id":"https:\/\/sabrina-von-nessen.com\/#\/schema\/logo\/image\/"}}]}},"_links":{"self":[{"href":"https:\/\/sabrina-von-nessen.com\/en\/wp-json\/wp\/v2\/pages\/4364","targetHints":{"allow":["GET"]}}],"collection":[{"href":"https:\/\/sabrina-von-nessen.com\/en\/wp-json\/wp\/v2\/pages"}],"about":[{"href":"https:\/\/sabrina-von-nessen.com\/en\/wp-json\/wp\/v2\/types\/page"}],"author":[{"embeddable":true,"href":"https:\/\/sabrina-von-nessen.com\/en\/wp-json\/wp\/v2\/users\/2"}],"replies":[{"embeddable":true,"href":"https:\/\/sabrina-von-nessen.com\/en\/wp-json\/wp\/v2\/comments?post=4364"}],"version-history":[{"count":9,"href":"https:\/\/sabrina-von-nessen.com\/en\/wp-json\/wp\/v2\/pages\/4364\/revisions"}],"predecessor-version":[{"id":4688,"href":"https:\/\/sabrina-von-nessen.com\/en\/wp-json\/wp\/v2\/pages\/4364\/revisions\/4688"}],"wp:attachment":[{"href":"https:\/\/sabrina-von-nessen.com\/en\/wp-json\/wp\/v2\/media?parent=4364"}],"curies":[{"name":"wp","href":"https:\/\/api.w.org\/{rel}","templated":true}]}}